{"id":3314,"date":"2015-02-08T16:54:31","date_gmt":"2015-02-08T17:54:31","guid":{"rendered":"http:\/\/www.azoreswhalewatch.com\/?page_id=3314"},"modified":"2025-05-09T01:31:39","modified_gmt":"2025-05-09T01:31:39","slug":"observacao-baleias-responsavel","status":"publish","type":"page","link":"https:\/\/www.azoreswhalewatch.com\/pt-pt\/observacao-baleias-responsavel","title":{"rendered":"Observacao Baleias Responsavel"},"content":{"rendered":"\n\t<div id=\"fws_69f27c52449e0\" class=\"full-width-section standard_section  \" style=\"background-color: #ffffff; padding-top: 20px; padding-bottom: 30px; \"> \n\n\t<div class=\"row-bg-wrap\"> <div class=\"row-bg  using-bg-color \" style=\"\"><\/div> <\/div>\n\n    <div class=\"col span_12 dark\">\n<h2>Conserva\u00e7\u00e3o Pesquisa &#038; Educa\u00e7\u00e3o<\/h2>\n<div class=\"col span_6\" data-animation=\"\" data-delay=\"0\">\n<hr \/>\n<p><img src=\"\/wp-content\/uploads\/azores-cetacean-data-collection.jpg\" alt=\"Cet\u00e1ceos dos A\u00e7ores Recolha de Dados para Investiga\u00e7\u00e3o\" width=\"600\" height=\"180\" \/><\/p>\n<h3 style=\"margin-top:15px;\"><i class=\"icon-default-style fa fa-bar-chart extra-color-3\"><\/i>Recolha de Dados<\/h3>\n<p><strong>Desde 2003<\/strong> que a Terra Azul Whale Azores Whale Watching est\u00e1 envolvida no MONICET, o principal projecto de investiga\u00e7\u00e3o a contribuir para o conhecimento e conserva\u00e7\u00e3o dos Cet\u00e1ceos do Arquip\u00e9lago dos A\u00e7ores, e Portugal. Este projecto tem o suporte do Governo dos A\u00e7ores, atrav\u00e9s da Direc\u00e7\u00e3o Regional da Ci\u00eancia, Tecnologia e Comunica\u00e7\u00f5es (projecto ref. M5.2.2\/I\/005\/2008) e do Fundo Regional de Ci\u00eancia e Tecnologia (bolsa ref. M3.1.5\/F\/004\/2009). <\/p>\n<p><strong>Com este projeto:<\/strong>\u00a0O nosso objectivo \u00e9 contribuir na recolha de dados no mar e Vigias em terra, e manter uma base de dados p\u00fablica de todos os avistamentos \u2013 publicados no site. <a title=\"monicet\" href=\"https:\/\/www.facebook.com\/LTERmonicet\" target=\"_blank\" rel=\"noopener\">www.monicet.net<\/a> (beta).<\/p>\n<hr \/>\n<h3 style=\"margin-top:15px;\"><i class=\"icon-default-style fa fa-comments-o extra-color-3\"><\/i>Conscientiza\u00e7\u00e3o na Comunidade<\/h3>\n<p><strong>Em 2007<\/strong> desenvolvemos um Projecto de Educa\u00e7\u00e3o Ambiental que envolveu a educa\u00e7\u00e3o\/conscientiza\u00e7\u00e3o de 1400 crian\u00e7as sobre a hist\u00f3ria da Observa\u00e7\u00e3o de Cet\u00e1ceos e da Balea\u00e7\u00e3o no Arquip\u00e9lago dos A\u00e7ores. Tamb\u00e9m sobre Biologia e Conserva\u00e7\u00e3o dos Cet\u00e1ceos. Este projecto envolvia uma ac\u00e7\u00e3o educativa nas escolas e uma sa\u00edda para o mar para realizar Observa\u00e7\u00e3o de Baleias e Golfinhos no seu habitat natural.<\/p>\n<p><strong>Com este projeto:<\/strong> Quase todas estas crian\u00e7as tiveram a sua primeira oportunidade de ver Baleias e Golfinhos e para aprender sobre estes e a sua Conserva\u00e7\u00e3o.<\/p>\n<\/div>\n<div class=\"col span_6 col_last\" data-animation=\"\" data-delay=\"0\">\n<hr \/>\n<h3 style=\"margin-top:15px;\"><i class=\"icon-default-style fa fa-graduation-cap extra-color-3\"><\/i>Programa de Voluntariado<\/h3>\n<p><strong>Em 2010<\/strong> lan\u00e7amos um Programa de Voluntariado nas \u00e1reas de Biologia Marinha, Ecologia e Ecoturismo. As ilhas do Arquip\u00e9lago dos A\u00e7ores s\u00e3o uma excelente localiza\u00e7\u00e3o, com as condi\u00e7\u00f5es ideias, para aprender sobre Baleias, Golfinhos e a grande variedade de Vida Marinha presente. Desde ent\u00e3o que estamos envolvidos num protocolo de coopera\u00e7\u00e3o com a <a href=\"https:\/\/www.vhluas.com\/\" target=\"_blank\" rel=\"noopener\">Universidade Van Hall Larenstein de Ci\u00eancias Aplicadas<\/a> na Holanda, que integra estudantes em est\u00e1gios com a Terra Azul.<\/p>\n<p><strong>Com este projeto:<\/strong> Contribu\u00edmos para a troca de conhecimentos m\u00fatuos e proporcionamos aos estudantes uma experi\u00eancia profissional.<\/p>\n<hr \/>\n<p><img src=\"\/wp-content\/uploads\/azores-turtle-research.jpg\" alt=\"Pesquisa Tartarugas Marinhas A\u00e7ores\" width=\"600\" height=\"180\" \/><\/p>\n<h3 style=\"margin-top:15px;\"><i class=\"icon-default-style fa fa-tag extra-color-3\"><\/i>Tartarugas Marinhas<\/h3>\n<p>Colaboramos com o <a href=\"https:\/\/accstr.ufl.edu\/\" target=\"_blank\" rel=\"noopener\">Archie Carr Center for Turtle Research<\/a> da Universidade da Florida (EUA) e o Departamento de Oceonografia dos A\u00e7ores da Universidade dos A\u00e7ores, na investiga\u00e7\u00e3o e recolha de dados atrav\u00e9s da etiquetagem de Tartarugas Marinhas que se encontram nas \u00e1guas da crista oce\u00e2nica do Atl\u00e2ntico.<\/p>\n<p><strong>Com este projeto:<\/strong> Contribu\u00edmos para a Conserva\u00e7\u00e3o Marinha, fornecendo assim \u00e0 comunidade cient\u00edfica dados geogr\u00e1ficos para ajudar a compreender todos os aspectos da biologia das Tartarugas Marinhas.<br \/>\n<\/div><div class=\"clear\"><\/div>\n<\/div><\/div>\n\n\t<div id=\"fws_69f27c5244b06\" class=\"full-width-section standard_section  \" style=\"padding-top: 20px; padding-bottom: 30px; \"> \n\n\t<div class=\"row-bg-wrap\"> <div class=\"row-bg   \" style=\"\"><\/div> <\/div>\n\n    <div class=\"col span_12 dark\">\n<h2>Pr\u00e1tica Respons\u00e1vel<\/h2>\n<hr \/>\n<h3><i class=\"icon-default-style fa fa-thumbs-o-up extra-color-3\"><\/i>Todos os dias<\/h3>\n<p>Contribu\u00edmos para o conhecimento da Vida Selvagem Marinha fornecendo informa\u00e7\u00f5es localizadas importantes e assist\u00eancia \u00e0 comunidade cient\u00edfica.<br \/>\nUsamos embarca\u00e7\u00f5es pequenas com motores com elevada efici\u00eancia de consumo e ru\u00eddo dispon\u00edveis \u2013 diminuindo assim o impacto ambiental como o impacto nos animais.<br \/>\nNa nossa Base temos dispon\u00edvel uma pequena biblioteca com literatura sobre Cet\u00e1ceos e Vida Marinha.<br \/>\nEducamos Humanos com informa\u00e7\u00e3o acerca da Vida Selvagem, e Conserva\u00e7\u00e3o animal.<br \/>\nDivulgamos tamb\u00e9m informa\u00e7\u00e3o sobre a hist\u00f3ria da Balea\u00e7\u00e3o nos A\u00e7ores aos locais e visitantes quando se juntam a uma tour com a Terra Azul.<\/p>\n<h3><i class=\"icon-default-style fa fa-hand-o-right extra-color-3\"><\/i>O que voc\u00ea pode fazer<\/h3>\n<p>Escolha uma empresa respons\u00e1vel quando para qualquer sa\u00edda que envolva Vida Selvagem.<br \/>\nEstabele\u00e7a um exemplo para outros, ao ajudar e a promover boas pr\u00e1ticas ambientais.<a name=\"culture\"><\/a><br \/>\n<\/div><\/div>\n\n\t<div id=\"fws_69f27c5244b3e\" class=\"full-width-section standard_section  \" style=\"background-color: #ffffff; padding-top: 20px; padding-bottom: 30px; \"> \n\n\t<div class=\"row-bg-wrap\"> <div class=\"row-bg  using-bg-color \" style=\"\"><\/div> <\/div>\n\n    <div class=\"col span_12 dark\">\n<h2>Heran\u00e7a Cultural<\/h2>\n<div class=\"col span_6\" data-animation=\"\" data-delay=\"0\">\n<hr \/>\n<p><img src=\"\/wp-content\/uploads\/azores-whaling-lookout-inland.jpg\" alt=\"Azores Whaling Lookout Inland\" width=\"600\" height=\"180\" \/><\/p>\n<h3 style=\"margin-top:15px;\"><i class=\"icon-default-style fa fa-binoculars extra-color-3\"><\/i>&#8220;Vigia da Furada&#8221;<\/h3>\n<p><strong>Em 2003<\/strong> estabelecemos um protocolo com a freguesia de Ponta Gar\u00e7a para reconstruir a \u201cVigia da Furada\u201d. Esta \u00e9 visitada regularmente por turistas e escolas para uma visita guiada com informa\u00e7\u00e3o sobre a progress\u00e3o hist\u00f3rica da Balea\u00e7\u00e3o para a Observa\u00e7\u00e3o de Cet\u00e1ceos no Arquip\u00e9lago dos A\u00e7ores, e a evolu\u00e7\u00e3o de t\u00e9cnicas antigas usadas pelos Baleeiros A\u00e7orianos desde 1830 e at\u00e9 hoje usadas agora na Observa\u00e7\u00e3o de Cet\u00e1ceos.<\/p>\n<p><strong>Com este projeto:<\/strong>\u00a0Assim acrescentamos valor \u00e0 nossa oferta de servi\u00e7os e um novo marco cultural \u00e0 freguesia de Ponta Gar\u00e7a. Tamb\u00e9m conseguimos limpar uma \u00e1rea pr\u00f3xima a uma escola de res\u00edduos abandonados, e criar um novo posto de trabalho na comunidade local.<br \/>\n<\/div>\n<div class=\"col span_6 col_last\" data-animation=\"\" data-delay=\"0\">\n<hr \/>\n<p><img src=\"\/wp-content\/uploads\/azores-whaling-boat.jpg\" alt=\"Azores Whaling Boat\" width=\"600\" height=\"180\"\/><\/p>\n<h3 style=\"margin-top:15px;\"><i class=\"icon-default-style fa fa-life-ring extra-color-3\"><\/i>Bote Baleeiro \u201cSenhora de F\u00e1tima\u201d<\/h3>\n<p><strong>Em 2010<\/strong>, com a preciosa ajuda de antigos Baleeiros A\u00e7oriano e Construtores de Barcos, recuperamos o Bote Baleeiro \u201cSenhora de F\u00e1tima\u201d. O bote original foi constru\u00eddo em 1945 inspirado pelo Barco Baleeiro Moby Dick, e agora \u00e9 um Bote Baleeiro A\u00e7oriano completamente funcional e um verdadeiro s\u00edmbolo da Cultura A\u00e7oriana e identidade. Os A\u00e7orianos foram um povo baleeiro desde 1830 at\u00e9 a cessa\u00e7\u00e3o da Balea\u00e7\u00e3o nos A\u00e7ores em 1984.<\/p>\n<p><strong>Com este projeto:<\/strong>\u00a0Adicionamos assim uma extens\u00e3o ao nosso servi\u00e7o e \u00e0 vida da heran\u00e7a cultural do Povo A\u00e7oriano, fornecendo experi\u00eancias aut\u00eanticas com hist\u00f3ria e tradi\u00e7\u00e3o aos Turistas e novas gera\u00e7\u00f5es locais. Dependendo da disponibilidade, tamb\u00e9m pode navegar no Bote Baleeiro como parte da tripula\u00e7\u00e3o, livre de quaisquer encargos.<br \/>\n<\/div><div class=\"clear\"><\/div>\n<\/div><\/div>\n","protected":false},"excerpt":{"rendered":"","protected":false},"author":41,"featured_media":1792,"parent":0,"menu_order":0,"comment_status":"closed","ping_status":"closed","template":"","meta":[],"yoast_head":"<!-- This site is optimized with the Yoast SEO plugin v17.9 - https:\/\/yoast.com\/wordpress\/plugins\/seo\/ -->\n<title>Observa\u00e7\u00e3o de Baleias Respons\u00e1vel nos A\u00e7ores | TERRA AZUL\u2122<\/title>\n<meta name=\"description\" content=\"Observa\u00e7\u00e3o de Baleias respons\u00e1vel, conserva\u00e7\u00e3o, pesquisa e educa\u00e7\u00e3o, responsabilidade social e ambiental em pr\u00e1tica, heran\u00e7a cultural nas ilhas dos A\u00e7ores - Portugal.\" \/>\n<meta name=\"robots\" content=\"index, follow, max-snippet:-1, max-image-preview:large, max-video-preview:-1\" \/>\n<link rel=\"canonical\" href=\"https:\/\/www.azoreswhalewatch.com\/pt-pt\/observacao-baleias-responsavel\" \/>\n<meta property=\"og:locale\" content=\"pt_PT\" \/>\n<meta property=\"og:type\" content=\"article\" \/>\n<meta property=\"og:title\" content=\"Observa\u00e7\u00e3o de Baleias Respons\u00e1vel nos A\u00e7ores | TERRA AZUL\u2122\" \/>\n<meta property=\"og:description\" content=\"Observa\u00e7\u00e3o de Baleias respons\u00e1vel, conserva\u00e7\u00e3o, pesquisa e educa\u00e7\u00e3o, responsabilidade social e ambiental em pr\u00e1tica, heran\u00e7a cultural nas ilhas dos A\u00e7ores - Portugal.\" \/>\n<meta property=\"og:url\" content=\"https:\/\/www.azoreswhalewatch.com\/pt-pt\/observacao-baleias-responsavel\" \/>\n<meta property=\"og:site_name\" content=\"TERRA AZUL\u2122\" \/>\n<meta property=\"article:modified_time\" content=\"2025-05-09T01:31:39+00:00\" \/>\n<meta property=\"og:image\" content=\"https:\/\/www.azoreswhalewatch.com\/wp-content\/uploads\/400x400.jpg\" \/>\n\t<meta property=\"og:image:width\" content=\"400\" \/>\n\t<meta property=\"og:image:height\" content=\"400\" \/>\n\t<meta property=\"og:image:type\" content=\"image\/jpeg\" \/>\n<meta name=\"twitter:card\" content=\"summary_large_image\" \/>\n<!-- \/ Yoast SEO plugin. -->","yoast_head_json":{"title":"Observa\u00e7\u00e3o de Baleias Respons\u00e1vel nos A\u00e7ores | TERRA AZUL\u2122","description":"Observa\u00e7\u00e3o de Baleias respons\u00e1vel, conserva\u00e7\u00e3o, pesquisa e educa\u00e7\u00e3o, responsabilidade social e ambiental em pr\u00e1tica, heran\u00e7a cultural nas ilhas dos A\u00e7ores - Portugal.","robots":{"index":"index","follow":"follow","max-snippet":"max-snippet:-1","max-image-preview":"max-image-preview:large","max-video-preview":"max-video-preview:-1"},"canonical":"https:\/\/www.azoreswhalewatch.com\/pt-pt\/observacao-baleias-responsavel","og_locale":"pt_PT","og_type":"article","og_title":"Observa\u00e7\u00e3o de Baleias Respons\u00e1vel nos A\u00e7ores | TERRA AZUL\u2122","og_description":"Observa\u00e7\u00e3o de Baleias respons\u00e1vel, conserva\u00e7\u00e3o, pesquisa e educa\u00e7\u00e3o, responsabilidade social e ambiental em pr\u00e1tica, heran\u00e7a cultural nas ilhas dos A\u00e7ores - Portugal.","og_url":"https:\/\/www.azoreswhalewatch.com\/pt-pt\/observacao-baleias-responsavel","og_site_name":"TERRA AZUL\u2122","article_modified_time":"2025-05-09T01:31:39+00:00","og_image":[{"width":400,"height":400,"url":"https:\/\/www.azoreswhalewatch.com\/wp-content\/uploads\/400x400.jpg","type":"image\/jpeg"}],"twitter_card":"summary_large_image","schema":{"@context":"https:\/\/schema.org","@graph":[{"@type":"WebSite","@id":"https:\/\/www.azoreswhalewatch.com\/#website","url":"https:\/\/www.azoreswhalewatch.com\/","name":"TERRA AZUL\u2122","description":"Tours in S\u00e3o Miguel near Ponta Delgada - in Portugal!","potentialAction":[{"@type":"SearchAction","target":{"@type":"EntryPoint","urlTemplate":"https:\/\/www.azoreswhalewatch.com\/?s={search_term_string}"},"query-input":"required name=search_term_string"}],"inLanguage":"pt-PT"},{"@type":"ImageObject","@id":"https:\/\/www.azoreswhalewatch.com\/pt-pt\/observacao-baleias-responsavel#primaryimage","inLanguage":"pt-PT","url":"https:\/\/www.azoreswhalewatch.com\/wp-content\/uploads\/400x400.jpg","contentUrl":"https:\/\/www.azoreswhalewatch.com\/wp-content\/uploads\/400x400.jpg","width":400,"height":400,"caption":"Azores Whale Watching"},{"@type":"WebPage","@id":"https:\/\/www.azoreswhalewatch.com\/pt-pt\/observacao-baleias-responsavel#webpage","url":"https:\/\/www.azoreswhalewatch.com\/pt-pt\/observacao-baleias-responsavel","name":"Observa\u00e7\u00e3o de Baleias Respons\u00e1vel nos A\u00e7ores | TERRA AZUL\u2122","isPartOf":{"@id":"https:\/\/www.azoreswhalewatch.com\/#website"},"primaryImageOfPage":{"@id":"https:\/\/www.azoreswhalewatch.com\/pt-pt\/observacao-baleias-responsavel#primaryimage"},"datePublished":"2015-02-08T17:54:31+00:00","dateModified":"2025-05-09T01:31:39+00:00","description":"Observa\u00e7\u00e3o de Baleias respons\u00e1vel, conserva\u00e7\u00e3o, pesquisa e educa\u00e7\u00e3o, responsabilidade social e ambiental em pr\u00e1tica, heran\u00e7a cultural nas ilhas dos A\u00e7ores - Portugal.","breadcrumb":{"@id":"https:\/\/www.azoreswhalewatch.com\/pt-pt\/observacao-baleias-responsavel#breadcrumb"},"inLanguage":"pt-PT","potentialAction":[{"@type":"ReadAction","target":["https:\/\/www.azoreswhalewatch.com\/pt-pt\/observacao-baleias-responsavel"]}]},{"@type":"BreadcrumbList","@id":"https:\/\/www.azoreswhalewatch.com\/pt-pt\/observacao-baleias-responsavel#breadcrumb","itemListElement":[{"@type":"ListItem","position":1,"name":"Home","item":"https:\/\/www.azoreswhalewatch.com\/pt-pt"},{"@type":"ListItem","position":2,"name":"Observacao Baleias Responsavel"}]}]}},"_links":{"self":[{"href":"https:\/\/www.azoreswhalewatch.com\/pt-pt\/wp-json\/wp\/v2\/pages\/3314"}],"collection":[{"href":"https:\/\/www.azoreswhalewatch.com\/pt-pt\/wp-json\/wp\/v2\/pages"}],"about":[{"href":"https:\/\/www.azoreswhalewatch.com\/pt-pt\/wp-json\/wp\/v2\/types\/page"}],"author":[{"embeddable":true,"href":"https:\/\/www.azoreswhalewatch.com\/pt-pt\/wp-json\/wp\/v2\/users\/41"}],"replies":[{"embeddable":true,"href":"https:\/\/www.azoreswhalewatch.com\/pt-pt\/wp-json\/wp\/v2\/comments?post=3314"}],"version-history":[{"count":0,"href":"https:\/\/www.azoreswhalewatch.com\/pt-pt\/wp-json\/wp\/v2\/pages\/3314\/revisions"}],"wp:featuredmedia":[{"embeddable":true,"href":"https:\/\/www.azoreswhalewatch.com\/pt-pt\/wp-json\/wp\/v2\/media\/1792"}],"wp:attachment":[{"href":"https:\/\/www.azoreswhalewatch.com\/pt-pt\/wp-json\/wp\/v2\/media?parent=3314"}],"curies":[{"name":"wp","href":"https:\/\/api.w.org\/{rel}","templated":true}]}}